{"id":1602,"date":"2020-02-03T11:09:04","date_gmt":"2020-02-03T11:09:04","guid":{"rendered":"http:\/\/www.ffr-frv.ch\/comite\/"},"modified":"2020-03-09T13:02:27","modified_gmt":"2020-03-09T13:02:27","slug":"comite","status":"publish","type":"page","link":"https:\/\/www.ffr-frv.ch\/de\/section-broye\/la-federation\/comite\/","title":{"rendered":"Comit\u00e9"},"content":{"rendered":"<section class=\"wpb-content-wrapper\"><p>[vc_row][vc_column][vc_column_text]<\/p>\n<h2>Comit\u00e9<\/h2>\n<table>\n<tbody>\n<tr>\n<td>Pr\u00e9sident<\/td>\n<td>Noble Bernard<\/td>\n<td>Estavayer-le-Lac<\/td>\n<td><a class=\"imCssLink\" href=\"mailto:bernardnoble.ffrb@gmail.com?subject=&amp;body=\">bernardnoble.ffrb@gmail.com<\/a><\/td>\n<\/tr>\n<tr>\n<td>Vice-Pr\u00e9sident<\/td>\n<td>Balz Walter<\/td>\n<td>Cousset<\/td>\n<td><a class=\"imCssLink\" href=\"mailto:rwbalz@hotmail.com?subject=&amp;body=\">rwbalz@hotmail.com<\/a><\/td>\n<\/tr>\n<tr>\n<td>Secr\u00e9tariat<\/td>\n<td>Odiet Pierrette<\/td>\n<td><span class=\"fs10lh1-5 cf2 ff1\">Prez-vers-Nor\u00e9az<\/span><\/td>\n<td><span class=\"fs10lh1-5 cf2 ff1\"><a class=\"imCssLink\" href=\"mailto:ffrb@bluewin.ch?subject=FFRB&amp;body=Votre%20texte\">ffrb@bluewin.ch<\/a><\/span><\/td>\n<\/tr>\n<tr>\n<td>Finances<\/td>\n<td>V\u00e9sy Gustave<\/td>\n<td>Frasses<\/td>\n<td><span class=\"fs10lh1-5 cf2 ff1\"><a class=\"imCssLink\" href=\"mailto:gustavevesy@tal-talk.ch?subject=FFRB&amp;body=\">gustavevesy@tal<span class=\"ff1\">k-talk.ch<\/span><\/a><\/span><\/td>\n<\/tr>\n<tr>\n<td>Membre<\/td>\n<td>Blanc Fran\u00e7ois<\/td>\n<td>Font<\/td>\n<td><span class=\"fs10lh1-5 cf2 ff1\"><a class=\"imCssLink\" href=\"mailto:blanclerouge@gmail.com?subject=&amp;body=\">blanclerouge@gmail.com<\/a><\/span><\/td>\n<\/tr>\n<tr>\n<td>Membre<\/td>\n<td>Pochon Pascal<\/td>\n<td><span class=\"ff1\">Dompierre<\/span><\/td>\n<td><a class=\"imCssLink\" href=\"mailto:pochonpascal38@gmail.com?subject=&amp;body=\">pochonpascal38@gmail.com<\/a><\/td>\n<\/tr>\n<tr>\n<td>R\u00e9dactrice<\/td>\n<td>Schneuwly Lorette<\/td>\n<td>Cugy<\/td>\n<td><a class=\"imCssLink\" href=\"mailto:lorette.schneuwly@bluewin.ch?subject=&amp;body=\">lorette.schneuwly@bluewin.ch<\/a><\/td>\n<\/tr>\n<\/tbody>\n<\/table>\n<p>[\/vc_column_text][\/vc_column][\/vc_row]<\/p>\n<\/section>","protected":false},"excerpt":{"rendered":"<p>[vc_row][vc_column][vc_column_text] Comit\u00e9 Pr\u00e9sident Noble Bernard Estavayer-le-Lac bernardnoble.ffrb@gmail.com Vice-Pr\u00e9sident Balz Walter Cousset rwbalz@hotmail.com Secr\u00e9tariat Odiet Pierrette Prez-vers-Nor\u00e9az ffrb@bluewin.ch Finances V\u00e9sy Gustave Frasses gustavevesy@talk-talk.ch Membre Blanc Fran\u00e7ois Font blanclerouge@gmail.com Membre Pochon Pascal Dompierre pochonpascal38@gmail.com R\u00e9dactrice Schneuwly Lorette Cugy lorette.schneuwly@bluewin.ch [\/vc_column_text][\/vc_column][\/vc_row]<\/p>\n","protected":false},"author":1,"featured_media":0,"parent":1623,"menu_order":0,"comment_status":"closed","ping_status":"closed","template":"template-with-menu.php","meta":{"_acf_changed":false,"footnotes":""},"folder":[27],"class_list":["post-1602","page","type-page","status-publish","hentry"],"acf":[],"yoast_head":"<!-- This site is optimized with the Yoast SEO plugin v27.1.1 - https:\/\/yoast.com\/product\/yoast-seo-wordpress\/ -->\n<title>Comit\u00e9 | Bienvenue sur le site de la FFR-FRV<\/title>\n<meta name=\"robots\" content=\"index, follow, max-snippet:-1, max-image-preview:large, max-video-preview:-1\" \/>\n<link rel=\"canonical\" href=\"https:\/\/www.ffr-frv.ch\/de\/section-broye\/la-federation\/comite\/\" \/>\n<meta property=\"og:locale\" content=\"de_DE\" \/>\n<meta property=\"og:type\" content=\"article\" \/>\n<meta property=\"og:title\" content=\"Comit\u00e9 | Bienvenue sur le site de la FFR-FRV\" \/>\n<meta property=\"og:description\" content=\"[vc_row][vc_column][vc_column_text] Comit\u00e9 Pr\u00e9sident Noble Bernard Estavayer-le-Lac bernardnoble.ffrb@gmail.com Vice-Pr\u00e9sident Balz Walter Cousset rwbalz@hotmail.com Secr\u00e9tariat Odiet Pierrette Prez-vers-Nor\u00e9az ffrb@bluewin.ch Finances V\u00e9sy Gustave Frasses gustavevesy@talk-talk.ch Membre Blanc Fran\u00e7ois Font blanclerouge@gmail.com Membre Pochon Pascal Dompierre pochonpascal38@gmail.com R\u00e9dactrice Schneuwly Lorette Cugy lorette.schneuwly@bluewin.ch [\/vc_column_text][\/vc_column][\/vc_row]\" \/>\n<meta property=\"og:url\" content=\"https:\/\/www.ffr-frv.ch\/de\/section-broye\/la-federation\/comite\/\" \/>\n<meta property=\"og:site_name\" content=\"Bienvenue sur le site de la FFR-FRV\" \/>\n<meta property=\"article:modified_time\" content=\"2020-03-09T13:02:27+00:00\" \/>\n<meta name=\"twitter:card\" content=\"summary_large_image\" \/>\n<script type=\"application\/ld+json\" class=\"yoast-schema-graph\">{\"@context\":\"https:\/\/schema.org\",\"@graph\":[{\"@type\":\"WebPage\",\"@id\":\"https:\/\/www.ffr-frv.ch\/de\/section-broye\/la-federation\/comite\/\",\"url\":\"https:\/\/www.ffr-frv.ch\/de\/section-broye\/la-federation\/comite\/\",\"name\":\"Comit\u00e9 | Bienvenue sur le site de la FFR-FRV\",\"isPartOf\":{\"@id\":\"https:\/\/www.ffr-frv.ch\/de\/#website\"},\"datePublished\":\"2020-02-03T11:09:04+00:00\",\"dateModified\":\"2020-03-09T13:02:27+00:00\",\"breadcrumb\":{\"@id\":\"https:\/\/www.ffr-frv.ch\/de\/section-broye\/la-federation\/comite\/#breadcrumb\"},\"inLanguage\":\"de\",\"potentialAction\":[{\"@type\":\"ReadAction\",\"target\":[\"https:\/\/www.ffr-frv.ch\/de\/section-broye\/la-federation\/comite\/\"]}]},{\"@type\":\"BreadcrumbList\",\"@id\":\"https:\/\/www.ffr-frv.ch\/de\/section-broye\/la-federation\/comite\/#breadcrumb\",\"itemListElement\":[{\"@type\":\"ListItem\",\"position\":1,\"name\":\"Titelseite\",\"item\":\"https:\/\/www.ffr-frv.ch\/de\/\"},{\"@type\":\"ListItem\",\"position\":2,\"name\":\"Section Broye\",\"item\":\"https:\/\/www.ffr-frv.ch\/de\/section-broye\/\"},{\"@type\":\"ListItem\",\"position\":3,\"name\":\"La F\u00e9d\u00e9ration\",\"item\":\"https:\/\/www.ffr-frv.ch\/de\/section-broye\/la-federation\/\"},{\"@type\":\"ListItem\",\"position\":4,\"name\":\"Comit\u00e9\"}]},{\"@type\":\"WebSite\",\"@id\":\"https:\/\/www.ffr-frv.ch\/de\/#website\",\"url\":\"https:\/\/www.ffr-frv.ch\/de\/\",\"name\":\"Bienvenue sur le site de la FFR-FRV\",\"description\":\"\",\"potentialAction\":[{\"@type\":\"SearchAction\",\"target\":{\"@type\":\"EntryPoint\",\"urlTemplate\":\"https:\/\/www.ffr-frv.ch\/de\/?s={search_term_string}\"},\"query-input\":{\"@type\":\"PropertyValueSpecification\",\"valueRequired\":true,\"valueName\":\"search_term_string\"}}],\"inLanguage\":\"de\"}]}<\/script>\n<!-- \/ Yoast SEO plugin. -->","yoast_head_json":{"title":"Comit\u00e9 | Bienvenue sur le site de la FFR-FRV","robots":{"index":"index","follow":"follow","max-snippet":"max-snippet:-1","max-image-preview":"max-image-preview:large","max-video-preview":"max-video-preview:-1"},"canonical":"https:\/\/www.ffr-frv.ch\/de\/section-broye\/la-federation\/comite\/","og_locale":"de_DE","og_type":"article","og_title":"Comit\u00e9 | Bienvenue sur le site de la FFR-FRV","og_description":"[vc_row][vc_column][vc_column_text] Comit\u00e9 Pr\u00e9sident Noble Bernard Estavayer-le-Lac bernardnoble.ffrb@gmail.com Vice-Pr\u00e9sident Balz Walter Cousset rwbalz@hotmail.com Secr\u00e9tariat Odiet Pierrette Prez-vers-Nor\u00e9az ffrb@bluewin.ch Finances V\u00e9sy Gustave Frasses gustavevesy@talk-talk.ch Membre Blanc Fran\u00e7ois Font blanclerouge@gmail.com Membre Pochon Pascal Dompierre pochonpascal38@gmail.com R\u00e9dactrice Schneuwly Lorette Cugy lorette.schneuwly@bluewin.ch [\/vc_column_text][\/vc_column][\/vc_row]","og_url":"https:\/\/www.ffr-frv.ch\/de\/section-broye\/la-federation\/comite\/","og_site_name":"Bienvenue sur le site de la FFR-FRV","article_modified_time":"2020-03-09T13:02:27+00:00","twitter_card":"summary_large_image","schema":{"@context":"https:\/\/schema.org","@graph":[{"@type":"WebPage","@id":"https:\/\/www.ffr-frv.ch\/de\/section-broye\/la-federation\/comite\/","url":"https:\/\/www.ffr-frv.ch\/de\/section-broye\/la-federation\/comite\/","name":"Comit\u00e9 | Bienvenue sur le site de la FFR-FRV","isPartOf":{"@id":"https:\/\/www.ffr-frv.ch\/de\/#website"},"datePublished":"2020-02-03T11:09:04+00:00","dateModified":"2020-03-09T13:02:27+00:00","breadcrumb":{"@id":"https:\/\/www.ffr-frv.ch\/de\/section-broye\/la-federation\/comite\/#breadcrumb"},"inLanguage":"de","potentialAction":[{"@type":"ReadAction","target":["https:\/\/www.ffr-frv.ch\/de\/section-broye\/la-federation\/comite\/"]}]},{"@type":"BreadcrumbList","@id":"https:\/\/www.ffr-frv.ch\/de\/section-broye\/la-federation\/comite\/#breadcrumb","itemListElement":[{"@type":"ListItem","position":1,"name":"Titelseite","item":"https:\/\/www.ffr-frv.ch\/de\/"},{"@type":"ListItem","position":2,"name":"Section Broye","item":"https:\/\/www.ffr-frv.ch\/de\/section-broye\/"},{"@type":"ListItem","position":3,"name":"La F\u00e9d\u00e9ration","item":"https:\/\/www.ffr-frv.ch\/de\/section-broye\/la-federation\/"},{"@type":"ListItem","position":4,"name":"Comit\u00e9"}]},{"@type":"WebSite","@id":"https:\/\/www.ffr-frv.ch\/de\/#website","url":"https:\/\/www.ffr-frv.ch\/de\/","name":"Bienvenue sur le site de la FFR-FRV","description":"","potentialAction":[{"@type":"SearchAction","target":{"@type":"EntryPoint","urlTemplate":"https:\/\/www.ffr-frv.ch\/de\/?s={search_term_string}"},"query-input":{"@type":"PropertyValueSpecification","valueRequired":true,"valueName":"search_term_string"}}],"inLanguage":"de"}]}},"_links":{"self":[{"href":"https:\/\/www.ffr-frv.ch\/de\/wp-json\/wp\/v2\/pages\/1602","targetHints":{"allow":["GET"]}}],"collection":[{"href":"https:\/\/www.ffr-frv.ch\/de\/wp-json\/wp\/v2\/pages"}],"about":[{"href":"https:\/\/www.ffr-frv.ch\/de\/wp-json\/wp\/v2\/types\/page"}],"author":[{"embeddable":true,"href":"https:\/\/www.ffr-frv.ch\/de\/wp-json\/wp\/v2\/users\/1"}],"replies":[{"embeddable":true,"href":"https:\/\/www.ffr-frv.ch\/de\/wp-json\/wp\/v2\/comments?post=1602"}],"version-history":[{"count":1,"href":"https:\/\/www.ffr-frv.ch\/de\/wp-json\/wp\/v2\/pages\/1602\/revisions"}],"predecessor-version":[{"id":1603,"href":"https:\/\/www.ffr-frv.ch\/de\/wp-json\/wp\/v2\/pages\/1602\/revisions\/1603"}],"up":[{"embeddable":true,"href":"https:\/\/www.ffr-frv.ch\/de\/wp-json\/wp\/v2\/pages\/1623"}],"wp:attachment":[{"href":"https:\/\/www.ffr-frv.ch\/de\/wp-json\/wp\/v2\/media?parent=1602"}],"wp:term":[{"taxonomy":"folder","embeddable":true,"href":"https:\/\/www.ffr-frv.ch\/de\/wp-json\/wp\/v2\/folder?post=1602"}],"curies":[{"name":"wp","href":"https:\/\/api.w.org\/{rel}","templated":true}]}}